{"id":15442,"date":"2023-09-04T16:57:16","date_gmt":"2023-09-04T22:57:16","guid":{"rendered":"https:\/\/mivoot.com\/gt\/?post_type=product&#038;p=15442"},"modified":"2023-09-04T17:02:24","modified_gmt":"2023-09-04T23:02:24","slug":"silla-nordica-con-cojin-acolchado-blanco","status":"publish","type":"product","link":"https:\/\/mivoot.com\/gt\/producto\/silla-nordica-con-cojin-acolchado-blanco\/","title":{"rendered":"Silla N\u00f3rdica con Coj\u00edn Acolchado Blanco"},"content":{"rendered":"<h2 class=\"c-product-detail-description__title u-text-align-left u-spacing-bottom\">Silla Nordica<\/h2>\n<div class=\"t-cms-content t-cms-content--description\">\n<div id=\"description_short\" class=\"u-spacing-bottom\">\n<p align=\"justify\"><strong>La Silla Nordic\u00a0<\/strong>es uno de nuestros productos estrella. Inspirada en algunos iconos del interiorismo, con el paso del tiempo se ha convertido en una<strong>\u00a0pieza emblem\u00e1tica dentro del estilo N\u00f3rdico.\u00a0<\/strong>Es un asiento sencillo\u00a0y\u00a0pr\u00e1ctico<strong>,<\/strong>\u00a0que se adapta perfectamente a tu cuerpo. El respaldo est\u00e1\u00a0<strong>fabricado en pl\u00e1stico polipropileno.\u00a0<\/strong>Disponible en una\u00a0gran variedad de colores, podr\u00e1s aportar un toque de frescura y originalidad a tu estancia. Pese a que el asiento no tiene reposabrazos,\u00a0<strong>es muy c\u00f3modo, gracias a su coj\u00edn tapizado en polipiel<\/strong>. Sus\u00a0<strong>patas, hechas de madera de haya,\u00a0<\/strong>son muy robustas y resistentes, llegando a soportar hasta 110 kg, y vienen con unos<strong>\u00a0tacos antideslizantes y antirayaduras<\/strong>, que te permitir\u00e1n usarla en cualquier tipo de suelo.<\/p>\n<p>Aconsejamos limpiarla con un pa\u00f1o h\u00famedo y evitar el uso de productos qu\u00edmicos.<\/p>\n<h3 class=\"groupTitle\">Caracter\u00edsticas generales<\/h3>\n<div class=\"content\">\n<div class=\"sc-f6029393-5 jhPrir\"><span class=\"specName\">Descripci\u00f3n<\/span><\/div>\n<div class=\"sc-f6029393-5 jhPrir\"><span class=\"specValue\">Medidas: Ancho 47cm, profundidad del asiento 42cm, alto del asiento al piso 49cm, alto total 82cm.<\/span><\/div>\n<div class=\"sc-f6029393-5 kJJIBN\"><span class=\"specName\">Medidas<\/span><span class=\"specValue\">Ancho 47cm, profundidad del asiento 42cm, alto del asiento al piso 49cm, alto total 82cm.<\/span><\/div>\n<div class=\"sc-f6029393-5 jhPrir\"><span class=\"specName\">Color <\/span><span class=\"specValue\">Blanco<\/span><\/div>\n<div class=\"sc-f6029393-5 kJJIBN\"><span class=\"specName\">Material <\/span><span class=\"specValue\">Polipropileno<\/span><\/div>\n<div class=\"sc-f6029393-5 jhPrir\"><span class=\"specName\">Requiere armado <\/span><span class=\"specValue\">S\u00ed<\/span><\/div>\n<div class=\"sc-f6029393-5 kJJIBN\"><span class=\"specName\">Apilables <\/span><span class=\"specValue\">No<\/span><\/div>\n<\/div>\n<div><img decoding=\"async\" src=\"https:\/\/cdn.sklum.com\/es\/1750421\/silla-nordic.jpg\" alt=\"Silla Nordic , medidas\" \/><\/div>\n<\/div>\n<\/div>\n","protected":false},"excerpt":{"rendered":"<p>Es ideal para dar un toque moderno en interiores y exteriores. Y se adapta a todo tipo de ambientes: sal\u00f3n, comedor, cocina, despacho, office,  restaurantes y terrazas.<\/p>\n<p>Color Blanco<br \/>\nMaterial Polipropileno<br \/>\nRequiere armado S\u00ed<br \/>\nApilables No<br \/>\nPeso del producto: 4,5kg<br \/>\nMontaje: f\u00e1cil, sencillo y r\u00e1pido<\/p>\n","protected":false},"featured_media":15449,"comment_status":"open","ping_status":"closed","template":"","meta":{"jetpack_publicize_message":"","jetpack_publicize_feature_enabled":true,"jetpack_social_post_already_shared":true,"jetpack_social_options":{"image_generator_settings":{"template":"highway","default_image_id":0,"font":"","enabled":false},"version":2}},"pwb-brand":[343],"product_brand":[],"product_cat":[46],"product_tag":[],"class_list":{"0":"post-15442","1":"product","2":"type-product","3":"status-publish","4":"has-post-thumbnail","6":"pwb-brand-mivoot","7":"product_cat-sillas","9":"first","10":"instock","11":"taxable","12":"shipping-taxable","13":"purchasable","14":"product-type-simple"},"yoast_head":"<!-- This site is optimized with the Yoast SEO Premium plugin v25.7.1 (Yoast SEO v26.8) - https:\/\/yoast.com\/product\/yoast-seo-premium-wordpress\/ -->\n<title>Silla N\u00f3rdica con Coj\u00edn Acolchado Blanco - Mivoot<\/title>\n<meta name=\"robots\" content=\"index, follow, max-snippet:-1, max-image-preview:large, max-video-preview:-1\" \/>\n<link rel=\"canonical\" href=\"https:\/\/mivoot.com\/gt\/producto\/silla-nordica-con-cojin-acolchado-blanco\/\" \/>\n<meta property=\"og:locale\" content=\"es_ES\" \/>\n<meta property=\"og:type\" content=\"article\" \/>\n<meta property=\"og:title\" content=\"Silla N\u00f3rdica con Coj\u00edn Acolchado Blanco\" \/>\n<meta property=\"og:description\" content=\"Es ideal para dar un toque moderno en interiores y exteriores. Y se adapta a todo tipo de ambientes: sal\u00f3n, comedor, cocina, despacho, office, restaurantes y terrazas.  Color Blanco Material Polipropileno Requiere armado S\u00ed Apilables No Peso del producto: 4,5kg Montaje: f\u00e1cil, sencillo y r\u00e1pido\" \/>\n<meta property=\"og:url\" content=\"https:\/\/mivoot.com\/gt\/producto\/silla-nordica-con-cojin-acolchado-blanco\/\" \/>\n<meta property=\"og:site_name\" content=\"Mivoot\" \/>\n<meta property=\"article:publisher\" content=\"https:\/\/www.facebook.com\/mivootgt\" \/>\n<meta property=\"article:modified_time\" content=\"2023-09-04T23:02:24+00:00\" \/>\n<meta property=\"og:image\" content=\"https:\/\/mivoot.com\/gt\/wp-content\/uploads\/2023\/09\/32207WH_Silla_Comedor_Nordica_Tulip_Blanca_IMG_00.jpg\" \/>\n\t<meta property=\"og:image:width\" content=\"900\" \/>\n\t<meta property=\"og:image:height\" content=\"900\" \/>\n\t<meta property=\"og:image:type\" content=\"image\/jpeg\" \/>\n<meta name=\"twitter:card\" content=\"summary_large_image\" \/>\n<meta name=\"twitter:label1\" content=\"Est. reading time\" \/>\n\t<meta name=\"twitter:data1\" content=\"2 minutos\" \/>\n<script type=\"application\/ld+json\" class=\"yoast-schema-graph\">{\"@context\":\"https:\/\/schema.org\",\"@graph\":[{\"@type\":\"WebPage\",\"@id\":\"https:\/\/mivoot.com\/gt\/producto\/silla-nordica-con-cojin-acolchado-blanco\/\",\"url\":\"https:\/\/mivoot.com\/gt\/producto\/silla-nordica-con-cojin-acolchado-blanco\/\",\"name\":\"Silla N\u00f3rdica con Coj\u00edn Acolchado Blanco - Mivoot\",\"isPartOf\":{\"@id\":\"https:\/\/mivoot.com\/gt\/#website\"},\"primaryImageOfPage\":{\"@id\":\"https:\/\/mivoot.com\/gt\/producto\/silla-nordica-con-cojin-acolchado-blanco\/#primaryimage\"},\"image\":{\"@id\":\"https:\/\/mivoot.com\/gt\/producto\/silla-nordica-con-cojin-acolchado-blanco\/#primaryimage\"},\"thumbnailUrl\":\"https:\/\/mivoot.com\/gt\/wp-content\/uploads\/2023\/09\/32207WH_Silla_Comedor_Nordica_Tulip_Blanca_IMG_00.jpg\",\"datePublished\":\"2023-09-04T22:57:16+00:00\",\"dateModified\":\"2023-09-04T23:02:24+00:00\",\"breadcrumb\":{\"@id\":\"https:\/\/mivoot.com\/gt\/producto\/silla-nordica-con-cojin-acolchado-blanco\/#breadcrumb\"},\"inLanguage\":\"es\",\"potentialAction\":[{\"@type\":\"ReadAction\",\"target\":[\"https:\/\/mivoot.com\/gt\/producto\/silla-nordica-con-cojin-acolchado-blanco\/\"]}]},{\"@type\":\"ImageObject\",\"inLanguage\":\"es\",\"@id\":\"https:\/\/mivoot.com\/gt\/producto\/silla-nordica-con-cojin-acolchado-blanco\/#primaryimage\",\"url\":\"https:\/\/mivoot.com\/gt\/wp-content\/uploads\/2023\/09\/32207WH_Silla_Comedor_Nordica_Tulip_Blanca_IMG_00.jpg\",\"contentUrl\":\"https:\/\/mivoot.com\/gt\/wp-content\/uploads\/2023\/09\/32207WH_Silla_Comedor_Nordica_Tulip_Blanca_IMG_00.jpg\",\"width\":900,\"height\":900},{\"@type\":\"BreadcrumbList\",\"@id\":\"https:\/\/mivoot.com\/gt\/producto\/silla-nordica-con-cojin-acolchado-blanco\/#breadcrumb\",\"itemListElement\":[{\"@type\":\"ListItem\",\"position\":1,\"name\":\"Inicio\",\"item\":\"https:\/\/mivoot.com\/gt\/\"},{\"@type\":\"ListItem\",\"position\":2,\"name\":\"Productos\",\"item\":\"https:\/\/mivoot.com\/gt\/producto\/\"},{\"@type\":\"ListItem\",\"position\":3,\"name\":\"Mivoot\",\"item\":\"https:\/\/mivoot.com\/gt\/marca\/mivoot\/\"},{\"@type\":\"ListItem\",\"position\":4,\"name\":\"Silla N\u00f3rdica con Coj\u00edn Acolchado Blanco\"}]},{\"@type\":\"WebSite\",\"@id\":\"https:\/\/mivoot.com\/gt\/#website\",\"url\":\"https:\/\/mivoot.com\/gt\/\",\"name\":\"Mivoot\",\"description\":\"Mivoot Guatemala | Tienda Online\",\"publisher\":{\"@id\":\"https:\/\/mivoot.com\/gt\/#organization\"},\"alternateName\":\"mivoot\",\"potentialAction\":[{\"@type\":\"SearchAction\",\"target\":{\"@type\":\"EntryPoint\",\"urlTemplate\":\"https:\/\/mivoot.com\/gt\/?s={search_term_string}\"},\"query-input\":{\"@type\":\"PropertyValueSpecification\",\"valueRequired\":true,\"valueName\":\"search_term_string\"}}],\"inLanguage\":\"es\"},{\"@type\":\"Organization\",\"@id\":\"https:\/\/mivoot.com\/gt\/#organization\",\"name\":\"Mivoot Guatemala\",\"alternateName\":\"mivoot.com\",\"url\":\"https:\/\/mivoot.com\/gt\/\",\"logo\":{\"@type\":\"ImageObject\",\"inLanguage\":\"es\",\"@id\":\"https:\/\/mivoot.com\/gt\/#\/schema\/logo\/image\/\",\"url\":\"https:\/\/mivoot.com\/gt\/wp-content\/uploads\/2023\/03\/cropped-icon.png\",\"contentUrl\":\"https:\/\/mivoot.com\/gt\/wp-content\/uploads\/2023\/03\/cropped-icon.png\",\"width\":512,\"height\":512,\"caption\":\"Mivoot Guatemala\"},\"image\":{\"@id\":\"https:\/\/mivoot.com\/gt\/#\/schema\/logo\/image\/\"},\"sameAs\":[\"https:\/\/www.facebook.com\/mivootgt\",\"https:\/\/instagram.com\/mivoot\"]}]}<\/script>\n<!-- \/ Yoast SEO Premium plugin. -->","yoast_head_json":{"title":"Silla N\u00f3rdica con Coj\u00edn Acolchado Blanco - Mivoot","robots":{"index":"index","follow":"follow","max-snippet":"max-snippet:-1","max-image-preview":"max-image-preview:large","max-video-preview":"max-video-preview:-1"},"canonical":"https:\/\/mivoot.com\/gt\/producto\/silla-nordica-con-cojin-acolchado-blanco\/","og_locale":"es_ES","og_type":"article","og_title":"Silla N\u00f3rdica con Coj\u00edn Acolchado Blanco","og_description":"Es ideal para dar un toque moderno en interiores y exteriores. Y se adapta a todo tipo de ambientes: sal\u00f3n, comedor, cocina, despacho, office, restaurantes y terrazas.  Color Blanco Material Polipropileno Requiere armado S\u00ed Apilables No Peso del producto: 4,5kg Montaje: f\u00e1cil, sencillo y r\u00e1pido","og_url":"https:\/\/mivoot.com\/gt\/producto\/silla-nordica-con-cojin-acolchado-blanco\/","og_site_name":"Mivoot","article_publisher":"https:\/\/www.facebook.com\/mivootgt","article_modified_time":"2023-09-04T23:02:24+00:00","og_image":[{"width":900,"height":900,"url":"https:\/\/mivoot.com\/gt\/wp-content\/uploads\/2023\/09\/32207WH_Silla_Comedor_Nordica_Tulip_Blanca_IMG_00.jpg","type":"image\/jpeg"}],"twitter_card":"summary_large_image","twitter_misc":{"Est. reading time":"2 minutos"},"schema":{"@context":"https:\/\/schema.org","@graph":[{"@type":"WebPage","@id":"https:\/\/mivoot.com\/gt\/producto\/silla-nordica-con-cojin-acolchado-blanco\/","url":"https:\/\/mivoot.com\/gt\/producto\/silla-nordica-con-cojin-acolchado-blanco\/","name":"Silla N\u00f3rdica con Coj\u00edn Acolchado Blanco - Mivoot","isPartOf":{"@id":"https:\/\/mivoot.com\/gt\/#website"},"primaryImageOfPage":{"@id":"https:\/\/mivoot.com\/gt\/producto\/silla-nordica-con-cojin-acolchado-blanco\/#primaryimage"},"image":{"@id":"https:\/\/mivoot.com\/gt\/producto\/silla-nordica-con-cojin-acolchado-blanco\/#primaryimage"},"thumbnailUrl":"https:\/\/mivoot.com\/gt\/wp-content\/uploads\/2023\/09\/32207WH_Silla_Comedor_Nordica_Tulip_Blanca_IMG_00.jpg","datePublished":"2023-09-04T22:57:16+00:00","dateModified":"2023-09-04T23:02:24+00:00","breadcrumb":{"@id":"https:\/\/mivoot.com\/gt\/producto\/silla-nordica-con-cojin-acolchado-blanco\/#breadcrumb"},"inLanguage":"es","potentialAction":[{"@type":"ReadAction","target":["https:\/\/mivoot.com\/gt\/producto\/silla-nordica-con-cojin-acolchado-blanco\/"]}]},{"@type":"ImageObject","inLanguage":"es","@id":"https:\/\/mivoot.com\/gt\/producto\/silla-nordica-con-cojin-acolchado-blanco\/#primaryimage","url":"https:\/\/mivoot.com\/gt\/wp-content\/uploads\/2023\/09\/32207WH_Silla_Comedor_Nordica_Tulip_Blanca_IMG_00.jpg","contentUrl":"https:\/\/mivoot.com\/gt\/wp-content\/uploads\/2023\/09\/32207WH_Silla_Comedor_Nordica_Tulip_Blanca_IMG_00.jpg","width":900,"height":900},{"@type":"BreadcrumbList","@id":"https:\/\/mivoot.com\/gt\/producto\/silla-nordica-con-cojin-acolchado-blanco\/#breadcrumb","itemListElement":[{"@type":"ListItem","position":1,"name":"Inicio","item":"https:\/\/mivoot.com\/gt\/"},{"@type":"ListItem","position":2,"name":"Productos","item":"https:\/\/mivoot.com\/gt\/producto\/"},{"@type":"ListItem","position":3,"name":"Mivoot","item":"https:\/\/mivoot.com\/gt\/marca\/mivoot\/"},{"@type":"ListItem","position":4,"name":"Silla N\u00f3rdica con Coj\u00edn Acolchado Blanco"}]},{"@type":"WebSite","@id":"https:\/\/mivoot.com\/gt\/#website","url":"https:\/\/mivoot.com\/gt\/","name":"Mivoot","description":"Mivoot Guatemala | Tienda Online","publisher":{"@id":"https:\/\/mivoot.com\/gt\/#organization"},"alternateName":"mivoot","potentialAction":[{"@type":"SearchAction","target":{"@type":"EntryPoint","urlTemplate":"https:\/\/mivoot.com\/gt\/?s={search_term_string}"},"query-input":{"@type":"PropertyValueSpecification","valueRequired":true,"valueName":"search_term_string"}}],"inLanguage":"es"},{"@type":"Organization","@id":"https:\/\/mivoot.com\/gt\/#organization","name":"Mivoot Guatemala","alternateName":"mivoot.com","url":"https:\/\/mivoot.com\/gt\/","logo":{"@type":"ImageObject","inLanguage":"es","@id":"https:\/\/mivoot.com\/gt\/#\/schema\/logo\/image\/","url":"https:\/\/mivoot.com\/gt\/wp-content\/uploads\/2023\/03\/cropped-icon.png","contentUrl":"https:\/\/mivoot.com\/gt\/wp-content\/uploads\/2023\/03\/cropped-icon.png","width":512,"height":512,"caption":"Mivoot Guatemala"},"image":{"@id":"https:\/\/mivoot.com\/gt\/#\/schema\/logo\/image\/"},"sameAs":["https:\/\/www.facebook.com\/mivootgt","https:\/\/instagram.com\/mivoot"]}]}},"jetpack_publicize_connections":[],"jetpack_sharing_enabled":true,"brands":[{"id":343,"name":"Mivoot","slug":"mivoot"}],"_links":{"self":[{"href":"https:\/\/mivoot.com\/gt\/wp-json\/wp\/v2\/product\/15442","targetHints":{"allow":["GET"]}}],"collection":[{"href":"https:\/\/mivoot.com\/gt\/wp-json\/wp\/v2\/product"}],"about":[{"href":"https:\/\/mivoot.com\/gt\/wp-json\/wp\/v2\/types\/product"}],"replies":[{"embeddable":true,"href":"https:\/\/mivoot.com\/gt\/wp-json\/wp\/v2\/comments?post=15442"}],"version-history":[{"count":2,"href":"https:\/\/mivoot.com\/gt\/wp-json\/wp\/v2\/product\/15442\/revisions"}],"predecessor-version":[{"id":15465,"href":"https:\/\/mivoot.com\/gt\/wp-json\/wp\/v2\/product\/15442\/revisions\/15465"}],"wp:featuredmedia":[{"embeddable":true,"href":"https:\/\/mivoot.com\/gt\/wp-json\/wp\/v2\/media\/15449"}],"wp:attachment":[{"href":"https:\/\/mivoot.com\/gt\/wp-json\/wp\/v2\/media?parent=15442"}],"wp:term":[{"taxonomy":"pwb-brand","embeddable":true,"href":"https:\/\/mivoot.com\/gt\/wp-json\/wp\/v2\/pwb-brand?post=15442"},{"taxonomy":"product_brand","embeddable":true,"href":"https:\/\/mivoot.com\/gt\/wp-json\/wp\/v2\/product_brand?post=15442"},{"taxonomy":"product_cat","embeddable":true,"href":"https:\/\/mivoot.com\/gt\/wp-json\/wp\/v2\/product_cat?post=15442"},{"taxonomy":"product_tag","embeddable":true,"href":"https:\/\/mivoot.com\/gt\/wp-json\/wp\/v2\/product_tag?post=15442"}],"curies":[{"name":"wp","href":"https:\/\/api.w.org\/{rel}","templated":true}]}}