{"id":7609,"date":"2022-03-03T15:05:08","date_gmt":"2022-03-03T21:05:08","guid":{"rendered":"https:\/\/mivoot.com\/gt\/?post_type=product&#038;p=7609"},"modified":"2022-03-11T11:33:02","modified_gmt":"2022-03-11T17:33:02","slug":"mochila-hp-prelude-pro-recycled-15-6","status":"publish","type":"product","link":"https:\/\/mivoot.com\/gt\/producto\/mochila-hp-prelude-pro-recycled-15-6\/","title":{"rendered":"Mochila HP Prelude Pro Recycled 15.6&#8243;"},"content":{"rendered":"\t\t<div data-elementor-type=\"product-post\" data-elementor-id=\"7609\" class=\"elementor elementor-7609\">\n\t\t\t\t\t\t<section class=\"elementor-section elementor-top-section elementor-element elementor-element-55062c9e elementor-section-boxed elementor-section-height-default elementor-section-height-default\" data-id=\"55062c9e\" data-element_type=\"section\">\n\t\t\t\t\t\t<div class=\"elementor-container elementor-column-gap-default\">\n\t\t\t\t\t<div class=\"elementor-column elementor-col-100 elementor-top-column elementor-element elementor-element-17eefed4\" data-id=\"17eefed4\" data-element_type=\"column\">\n\t\t\t<div class=\"elementor-widget-wrap elementor-element-populated\">\n\t\t\t\t\t\t<div class=\"elementor-element elementor-element-4902896d elementor-widget elementor-widget-text-editor\" data-id=\"4902896d\" data-element_type=\"widget\" data-widget_type=\"text-editor.default\">\n\t\t\t\t<div class=\"elementor-widget-container\">\n\t\t\t\t\t\t\t\t\t<h3>Mochila HP Prelude Pro Recycled (1X644AA)<\/h3>\r\nCompatibilidad con hardware\r\nPara laptops de hasta 15,6&#8243; en diagonal.\r\n\r\nSubgrupo de producto\r\nMochila\r\n\r\nColor\r\nNegro\r\n\r\nTama\u00f1o de pantalla (diagonal)\r\n15.6&#8243;\r\n\r\nDimensiones m\u00ednimas (anch. x prof. x alt.)\r\n42,54 x 12,7 x 31,75 cm\r\n\r\nPeso\r\n0,46 kg\r\n\r\nContenido de la caja\r\nMochila HP Prelude Pro Recycled\t\t\t\t\t\t\t\t<\/div>\n\t\t\t\t<\/div>\n\t\t\t\t\t<\/div>\n\t\t<\/div>\n\t\t\t\t\t<\/div>\n\t\t<\/section>\n\t\t\t\t<section class=\"elementor-section elementor-top-section elementor-element elementor-element-7829e7a elementor-section-boxed elementor-section-height-default elementor-section-height-default\" data-id=\"7829e7a\" data-element_type=\"section\">\n\t\t\t\t\t\t<div class=\"elementor-container elementor-column-gap-default\">\n\t\t\t\t\t<div class=\"elementor-column elementor-col-50 elementor-top-column elementor-element elementor-element-71ea906\" data-id=\"71ea906\" data-element_type=\"column\">\n\t\t\t<div class=\"elementor-widget-wrap elementor-element-populated\">\n\t\t\t\t\t\t<div class=\"elementor-element elementor-element-04dd300 elementor-widget elementor-widget-image\" data-id=\"04dd300\" data-element_type=\"widget\" data-widget_type=\"image.default\">\n\t\t\t\t<div class=\"elementor-widget-container\">\n\t\t\t\t\t\t\t\t\t\t\t\t\t\t\t<img fetchpriority=\"high\" decoding=\"async\" width=\"354\" height=\"500\" src=\"https:\/\/mivoot.com\/gt\/wp-content\/uploads\/2022\/03\/HP_1X644AA_ICECAT_44140423.jpg\" class=\"attachment-large size-large wp-image-7617\" alt=\"\" srcset=\"https:\/\/mivoot.com\/gt\/wp-content\/uploads\/2022\/03\/HP_1X644AA_ICECAT_44140423.jpg 354w, https:\/\/mivoot.com\/gt\/wp-content\/uploads\/2022\/03\/HP_1X644AA_ICECAT_44140423-64x90.jpg 64w, https:\/\/mivoot.com\/gt\/wp-content\/uploads\/2022\/03\/HP_1X644AA_ICECAT_44140423-212x300.jpg 212w\" sizes=\"(max-width: 354px) 100vw, 354px\" \/>\t\t\t\t\t\t\t\t\t\t\t\t\t\t\t<\/div>\n\t\t\t\t<\/div>\n\t\t\t\t\t<\/div>\n\t\t<\/div>\n\t\t\t\t<div class=\"elementor-column elementor-col-50 elementor-top-column elementor-element elementor-element-1c99402\" data-id=\"1c99402\" data-element_type=\"column\">\n\t\t\t<div class=\"elementor-widget-wrap elementor-element-populated\">\n\t\t\t\t\t\t<div class=\"elementor-element elementor-element-284b1c3 elementor-widget elementor-widget-text-editor\" data-id=\"284b1c3\" data-element_type=\"widget\" data-widget_type=\"text-editor.default\">\n\t\t\t\t<div class=\"elementor-widget-container\">\n\t\t\t\t\t\t\t\t\t<h3 class=\"h3 c-split-module__title\">Un dise\u00f1o que tiene en cuenta la sostenibilidad<\/h3><p class=\"subtitle c-split-module__description\">Fabricada con un 95 % de tela externa reciclada1 y terminada con revestimiento resistente al agua, esta mochila combina un dise\u00f1o ligero y elegante que insta a las personas innovadoras y exitosas a dar lo mejor de s\u00ed donde quiera que vayan.<\/p>\t\t\t\t\t\t\t\t<\/div>\n\t\t\t\t<\/div>\n\t\t\t\t\t<\/div>\n\t\t<\/div>\n\t\t\t\t\t<\/div>\n\t\t<\/section>\n\t\t\t\t<section class=\"elementor-section elementor-top-section elementor-element elementor-element-7017a76 elementor-section-boxed elementor-section-height-default elementor-section-height-default\" data-id=\"7017a76\" data-element_type=\"section\">\n\t\t\t\t\t\t<div class=\"elementor-container elementor-column-gap-default\">\n\t\t\t\t\t<div class=\"elementor-column elementor-col-50 elementor-top-column elementor-element elementor-element-cc2b044\" data-id=\"cc2b044\" data-element_type=\"column\">\n\t\t\t<div class=\"elementor-widget-wrap elementor-element-populated\">\n\t\t\t\t\t\t<div class=\"elementor-element elementor-element-97f9b66 elementor-widget elementor-widget-text-editor\" data-id=\"97f9b66\" data-element_type=\"widget\" data-widget_type=\"text-editor.default\">\n\t\t\t\t<div class=\"elementor-widget-container\">\n\t\t\t\t\t\t\t\t\t<h3 class=\"h3 c-split-module__title\">Cuenta con un dise\u00f1o pensando en usted<\/h3><p class=\"subtitle c-split-module__description\">La correa de hombro es ajustable y acolchada para que pueda moverse de prisa sin problemas en un d\u00eda de trabajo ajetreado.<\/p><p>\u00a0<\/p><h3 class=\"h3 c-split-module__title\">Mant\u00e9ngase organizado mientras viaja<\/h3><p class=\"subtitle c-split-module__description\">Proteja su laptop de golpes y rasgu\u00f1os con un compartimento acolchado de 15,6&#8243; en diagonal. Bolsillos con cierre dise\u00f1ados para mantener sus pertenencias organizadas y darle f\u00e1cil acceso a sus anteojos de sol, tel\u00e9fono, billetera y botella de agua mientras viaja.<\/p>\t\t\t\t\t\t\t\t<\/div>\n\t\t\t\t<\/div>\n\t\t\t\t\t<\/div>\n\t\t<\/div>\n\t\t\t\t<div class=\"elementor-column elementor-col-50 elementor-top-column elementor-element elementor-element-6d4ecda\" data-id=\"6d4ecda\" data-element_type=\"column\">\n\t\t\t<div class=\"elementor-widget-wrap elementor-element-populated\">\n\t\t\t\t\t\t<div class=\"elementor-element elementor-element-317f439 elementor-widget elementor-widget-image\" data-id=\"317f439\" data-element_type=\"widget\" data-widget_type=\"image.default\">\n\t\t\t\t<div class=\"elementor-widget-container\">\n\t\t\t\t\t\t\t\t\t\t\t\t\t\t\t<img decoding=\"async\" width=\"800\" height=\"600\" src=\"https:\/\/mivoot.com\/gt\/wp-content\/uploads\/2022\/03\/c06613880.png\" class=\"attachment-large size-large wp-image-7614\" alt=\"\" srcset=\"https:\/\/mivoot.com\/gt\/wp-content\/uploads\/2022\/03\/c06613880.png 800w, https:\/\/mivoot.com\/gt\/wp-content\/uploads\/2022\/03\/c06613880-410x308.png 410w, https:\/\/mivoot.com\/gt\/wp-content\/uploads\/2022\/03\/c06613880-64x48.png 64w, https:\/\/mivoot.com\/gt\/wp-content\/uploads\/2022\/03\/c06613880-300x225.png 300w, https:\/\/mivoot.com\/gt\/wp-content\/uploads\/2022\/03\/c06613880-768x576.png 768w\" sizes=\"(max-width: 800px) 100vw, 800px\" \/>\t\t\t\t\t\t\t\t\t\t\t\t\t\t\t<\/div>\n\t\t\t\t<\/div>\n\t\t\t\t\t<\/div>\n\t\t<\/div>\n\t\t\t\t\t<\/div>\n\t\t<\/section>\n\t\t\t\t<\/div>\n\t\t","protected":false},"excerpt":{"rendered":"<p>Compatibilidad con hardware: Para laptops de hasta 15,6\u2033 en diagonal.<br \/>\nFabricado en un 95% con tejido externo reciclado<br \/>\nCorreas de los hombros acolchadas y son ajustables<br \/>\nProtege tu port\u00e1til frente a golpes y rayaduras, gracias al compartimento acolchado<\/p>\n","protected":false},"featured_media":7612,"comment_status":"open","ping_status":"closed","template":"","meta":{"jetpack_publicize_message":"","jetpack_publicize_feature_enabled":true,"jetpack_social_post_already_shared":false,"jetpack_social_options":{"image_generator_settings":{"template":"highway","default_image_id":0,"font":"","enabled":false},"version":2}},"pwb-brand":[121],"product_brand":[],"product_cat":[27],"product_tag":[],"class_list":{"0":"post-7609","1":"product","2":"type-product","3":"status-publish","4":"has-post-thumbnail","6":"pwb-brand-hp","7":"product_cat-mochilas","9":"first","10":"instock","11":"taxable","12":"shipping-taxable","13":"purchasable","14":"product-type-simple"},"yoast_head":"<!-- This site is optimized with the Yoast SEO Premium plugin v25.7.1 (Yoast SEO v26.8) - https:\/\/yoast.com\/product\/yoast-seo-premium-wordpress\/ -->\n<title>Mochila HP Prelude Pro Recycled 15.6&quot; - Mivoot<\/title>\n<meta name=\"robots\" content=\"index, follow, max-snippet:-1, max-image-preview:large, max-video-preview:-1\" \/>\n<link rel=\"canonical\" href=\"https:\/\/mivoot.com\/gt\/producto\/mochila-hp-prelude-pro-recycled-15-6\/\" \/>\n<meta property=\"og:locale\" content=\"es_ES\" \/>\n<meta property=\"og:type\" content=\"article\" \/>\n<meta property=\"og:title\" content=\"Mochila HP Prelude Pro Recycled 15.6&quot;\" \/>\n<meta property=\"og:description\" content=\"Compatibilidad con hardware: Para laptops de hasta 15,6\u2033 en diagonal. Fabricado en un 95% con tejido externo reciclado Correas de los hombros acolchadas y son ajustables Protege tu port\u00e1til frente a golpes y rayaduras, gracias al compartimento acolchado\" \/>\n<meta property=\"og:url\" content=\"https:\/\/mivoot.com\/gt\/producto\/mochila-hp-prelude-pro-recycled-15-6\/\" \/>\n<meta property=\"og:site_name\" content=\"Mivoot\" \/>\n<meta property=\"article:publisher\" content=\"https:\/\/www.facebook.com\/mivootgt\" \/>\n<meta property=\"article:modified_time\" content=\"2022-03-11T17:33:02+00:00\" \/>\n<meta property=\"og:image\" content=\"https:\/\/mivoot.com\/gt\/wp-content\/uploads\/2022\/03\/c06613907.png\" \/>\n\t<meta property=\"og:image:width\" content=\"800\" \/>\n\t<meta property=\"og:image:height\" content=\"600\" \/>\n\t<meta property=\"og:image:type\" content=\"image\/png\" \/>\n<meta name=\"twitter:card\" content=\"summary_large_image\" \/>\n<script type=\"application\/ld+json\" class=\"yoast-schema-graph\">{\"@context\":\"https:\/\/schema.org\",\"@graph\":[{\"@type\":\"WebPage\",\"@id\":\"https:\/\/mivoot.com\/gt\/producto\/mochila-hp-prelude-pro-recycled-15-6\/\",\"url\":\"https:\/\/mivoot.com\/gt\/producto\/mochila-hp-prelude-pro-recycled-15-6\/\",\"name\":\"Mochila HP Prelude Pro Recycled 15.6\\\" - Mivoot\",\"isPartOf\":{\"@id\":\"https:\/\/mivoot.com\/gt\/#website\"},\"primaryImageOfPage\":{\"@id\":\"https:\/\/mivoot.com\/gt\/producto\/mochila-hp-prelude-pro-recycled-15-6\/#primaryimage\"},\"image\":{\"@id\":\"https:\/\/mivoot.com\/gt\/producto\/mochila-hp-prelude-pro-recycled-15-6\/#primaryimage\"},\"thumbnailUrl\":\"https:\/\/mivoot.com\/gt\/wp-content\/uploads\/2022\/03\/c06613907.png\",\"datePublished\":\"2022-03-03T21:05:08+00:00\",\"dateModified\":\"2022-03-11T17:33:02+00:00\",\"breadcrumb\":{\"@id\":\"https:\/\/mivoot.com\/gt\/producto\/mochila-hp-prelude-pro-recycled-15-6\/#breadcrumb\"},\"inLanguage\":\"es\",\"potentialAction\":[{\"@type\":\"ReadAction\",\"target\":[\"https:\/\/mivoot.com\/gt\/producto\/mochila-hp-prelude-pro-recycled-15-6\/\"]}]},{\"@type\":\"ImageObject\",\"inLanguage\":\"es\",\"@id\":\"https:\/\/mivoot.com\/gt\/producto\/mochila-hp-prelude-pro-recycled-15-6\/#primaryimage\",\"url\":\"https:\/\/mivoot.com\/gt\/wp-content\/uploads\/2022\/03\/c06613907.png\",\"contentUrl\":\"https:\/\/mivoot.com\/gt\/wp-content\/uploads\/2022\/03\/c06613907.png\",\"width\":800,\"height\":600},{\"@type\":\"BreadcrumbList\",\"@id\":\"https:\/\/mivoot.com\/gt\/producto\/mochila-hp-prelude-pro-recycled-15-6\/#breadcrumb\",\"itemListElement\":[{\"@type\":\"ListItem\",\"position\":1,\"name\":\"Inicio\",\"item\":\"https:\/\/mivoot.com\/gt\/\"},{\"@type\":\"ListItem\",\"position\":2,\"name\":\"Productos\",\"item\":\"https:\/\/mivoot.com\/gt\/producto\/\"},{\"@type\":\"ListItem\",\"position\":3,\"name\":\"HP\",\"item\":\"https:\/\/mivoot.com\/gt\/marca\/hp\/\"},{\"@type\":\"ListItem\",\"position\":4,\"name\":\"Mochila HP Prelude Pro Recycled 15.6&#8243;\"}]},{\"@type\":\"WebSite\",\"@id\":\"https:\/\/mivoot.com\/gt\/#website\",\"url\":\"https:\/\/mivoot.com\/gt\/\",\"name\":\"Mivoot\",\"description\":\"Mivoot Guatemala | Tienda Online\",\"publisher\":{\"@id\":\"https:\/\/mivoot.com\/gt\/#organization\"},\"alternateName\":\"mivoot\",\"potentialAction\":[{\"@type\":\"SearchAction\",\"target\":{\"@type\":\"EntryPoint\",\"urlTemplate\":\"https:\/\/mivoot.com\/gt\/?s={search_term_string}\"},\"query-input\":{\"@type\":\"PropertyValueSpecification\",\"valueRequired\":true,\"valueName\":\"search_term_string\"}}],\"inLanguage\":\"es\"},{\"@type\":\"Organization\",\"@id\":\"https:\/\/mivoot.com\/gt\/#organization\",\"name\":\"Mivoot Guatemala\",\"alternateName\":\"mivoot.com\",\"url\":\"https:\/\/mivoot.com\/gt\/\",\"logo\":{\"@type\":\"ImageObject\",\"inLanguage\":\"es\",\"@id\":\"https:\/\/mivoot.com\/gt\/#\/schema\/logo\/image\/\",\"url\":\"https:\/\/mivoot.com\/gt\/wp-content\/uploads\/2023\/03\/cropped-icon.png\",\"contentUrl\":\"https:\/\/mivoot.com\/gt\/wp-content\/uploads\/2023\/03\/cropped-icon.png\",\"width\":512,\"height\":512,\"caption\":\"Mivoot Guatemala\"},\"image\":{\"@id\":\"https:\/\/mivoot.com\/gt\/#\/schema\/logo\/image\/\"},\"sameAs\":[\"https:\/\/www.facebook.com\/mivootgt\",\"https:\/\/instagram.com\/mivoot\"]}]}<\/script>\n<!-- \/ Yoast SEO Premium plugin. -->","yoast_head_json":{"title":"Mochila HP Prelude Pro Recycled 15.6\" - Mivoot","robots":{"index":"index","follow":"follow","max-snippet":"max-snippet:-1","max-image-preview":"max-image-preview:large","max-video-preview":"max-video-preview:-1"},"canonical":"https:\/\/mivoot.com\/gt\/producto\/mochila-hp-prelude-pro-recycled-15-6\/","og_locale":"es_ES","og_type":"article","og_title":"Mochila HP Prelude Pro Recycled 15.6\"","og_description":"Compatibilidad con hardware: Para laptops de hasta 15,6\u2033 en diagonal. Fabricado en un 95% con tejido externo reciclado Correas de los hombros acolchadas y son ajustables Protege tu port\u00e1til frente a golpes y rayaduras, gracias al compartimento acolchado","og_url":"https:\/\/mivoot.com\/gt\/producto\/mochila-hp-prelude-pro-recycled-15-6\/","og_site_name":"Mivoot","article_publisher":"https:\/\/www.facebook.com\/mivootgt","article_modified_time":"2022-03-11T17:33:02+00:00","og_image":[{"width":800,"height":600,"url":"https:\/\/mivoot.com\/gt\/wp-content\/uploads\/2022\/03\/c06613907.png","type":"image\/png"}],"twitter_card":"summary_large_image","schema":{"@context":"https:\/\/schema.org","@graph":[{"@type":"WebPage","@id":"https:\/\/mivoot.com\/gt\/producto\/mochila-hp-prelude-pro-recycled-15-6\/","url":"https:\/\/mivoot.com\/gt\/producto\/mochila-hp-prelude-pro-recycled-15-6\/","name":"Mochila HP Prelude Pro Recycled 15.6\" - Mivoot","isPartOf":{"@id":"https:\/\/mivoot.com\/gt\/#website"},"primaryImageOfPage":{"@id":"https:\/\/mivoot.com\/gt\/producto\/mochila-hp-prelude-pro-recycled-15-6\/#primaryimage"},"image":{"@id":"https:\/\/mivoot.com\/gt\/producto\/mochila-hp-prelude-pro-recycled-15-6\/#primaryimage"},"thumbnailUrl":"https:\/\/mivoot.com\/gt\/wp-content\/uploads\/2022\/03\/c06613907.png","datePublished":"2022-03-03T21:05:08+00:00","dateModified":"2022-03-11T17:33:02+00:00","breadcrumb":{"@id":"https:\/\/mivoot.com\/gt\/producto\/mochila-hp-prelude-pro-recycled-15-6\/#breadcrumb"},"inLanguage":"es","potentialAction":[{"@type":"ReadAction","target":["https:\/\/mivoot.com\/gt\/producto\/mochila-hp-prelude-pro-recycled-15-6\/"]}]},{"@type":"ImageObject","inLanguage":"es","@id":"https:\/\/mivoot.com\/gt\/producto\/mochila-hp-prelude-pro-recycled-15-6\/#primaryimage","url":"https:\/\/mivoot.com\/gt\/wp-content\/uploads\/2022\/03\/c06613907.png","contentUrl":"https:\/\/mivoot.com\/gt\/wp-content\/uploads\/2022\/03\/c06613907.png","width":800,"height":600},{"@type":"BreadcrumbList","@id":"https:\/\/mivoot.com\/gt\/producto\/mochila-hp-prelude-pro-recycled-15-6\/#breadcrumb","itemListElement":[{"@type":"ListItem","position":1,"name":"Inicio","item":"https:\/\/mivoot.com\/gt\/"},{"@type":"ListItem","position":2,"name":"Productos","item":"https:\/\/mivoot.com\/gt\/producto\/"},{"@type":"ListItem","position":3,"name":"HP","item":"https:\/\/mivoot.com\/gt\/marca\/hp\/"},{"@type":"ListItem","position":4,"name":"Mochila HP Prelude Pro Recycled 15.6&#8243;"}]},{"@type":"WebSite","@id":"https:\/\/mivoot.com\/gt\/#website","url":"https:\/\/mivoot.com\/gt\/","name":"Mivoot","description":"Mivoot Guatemala | Tienda Online","publisher":{"@id":"https:\/\/mivoot.com\/gt\/#organization"},"alternateName":"mivoot","potentialAction":[{"@type":"SearchAction","target":{"@type":"EntryPoint","urlTemplate":"https:\/\/mivoot.com\/gt\/?s={search_term_string}"},"query-input":{"@type":"PropertyValueSpecification","valueRequired":true,"valueName":"search_term_string"}}],"inLanguage":"es"},{"@type":"Organization","@id":"https:\/\/mivoot.com\/gt\/#organization","name":"Mivoot Guatemala","alternateName":"mivoot.com","url":"https:\/\/mivoot.com\/gt\/","logo":{"@type":"ImageObject","inLanguage":"es","@id":"https:\/\/mivoot.com\/gt\/#\/schema\/logo\/image\/","url":"https:\/\/mivoot.com\/gt\/wp-content\/uploads\/2023\/03\/cropped-icon.png","contentUrl":"https:\/\/mivoot.com\/gt\/wp-content\/uploads\/2023\/03\/cropped-icon.png","width":512,"height":512,"caption":"Mivoot Guatemala"},"image":{"@id":"https:\/\/mivoot.com\/gt\/#\/schema\/logo\/image\/"},"sameAs":["https:\/\/www.facebook.com\/mivootgt","https:\/\/instagram.com\/mivoot"]}]}},"jetpack_publicize_connections":[],"jetpack_sharing_enabled":true,"brands":[{"id":121,"name":"HP","slug":"hp"}],"_links":{"self":[{"href":"https:\/\/mivoot.com\/gt\/wp-json\/wp\/v2\/product\/7609","targetHints":{"allow":["GET"]}}],"collection":[{"href":"https:\/\/mivoot.com\/gt\/wp-json\/wp\/v2\/product"}],"about":[{"href":"https:\/\/mivoot.com\/gt\/wp-json\/wp\/v2\/types\/product"}],"replies":[{"embeddable":true,"href":"https:\/\/mivoot.com\/gt\/wp-json\/wp\/v2\/comments?post=7609"}],"version-history":[{"count":6,"href":"https:\/\/mivoot.com\/gt\/wp-json\/wp\/v2\/product\/7609\/revisions"}],"predecessor-version":[{"id":7647,"href":"https:\/\/mivoot.com\/gt\/wp-json\/wp\/v2\/product\/7609\/revisions\/7647"}],"wp:featuredmedia":[{"embeddable":true,"href":"https:\/\/mivoot.com\/gt\/wp-json\/wp\/v2\/media\/7612"}],"wp:attachment":[{"href":"https:\/\/mivoot.com\/gt\/wp-json\/wp\/v2\/media?parent=7609"}],"wp:term":[{"taxonomy":"pwb-brand","embeddable":true,"href":"https:\/\/mivoot.com\/gt\/wp-json\/wp\/v2\/pwb-brand?post=7609"},{"taxonomy":"product_brand","embeddable":true,"href":"https:\/\/mivoot.com\/gt\/wp-json\/wp\/v2\/product_brand?post=7609"},{"taxonomy":"product_cat","embeddable":true,"href":"https:\/\/mivoot.com\/gt\/wp-json\/wp\/v2\/product_cat?post=7609"},{"taxonomy":"product_tag","embeddable":true,"href":"https:\/\/mivoot.com\/gt\/wp-json\/wp\/v2\/product_tag?post=7609"}],"curies":[{"name":"wp","href":"https:\/\/api.w.org\/{rel}","templated":true}]}}